{"id":232,"date":"2017-11-24T10:41:43","date_gmt":"2017-11-24T10:41:43","guid":{"rendered":"http:\/\/www.adalia.ac.ma\/?page_id=232"},"modified":"2017-12-19T18:32:33","modified_gmt":"2017-12-19T18:32:33","slug":"teams","status":"publish","type":"page","link":"https:\/\/www.adalia.ac.ma\/en\/fr\/exed\/organisations\/teams\/","title":{"rendered":"Programmes Courts"},"content":{"rendered":"<div class=\"fusion-fullwidth fullwidth-box fusion-builder-row-1 fusion-flex-container nonhundred-percent-fullwidth non-hundred-percent-height-scrolling\" style=\"--awb-border-radius-top-left:0px;--awb-border-radius-top-right:0px;--awb-border-radius-bottom-right:0px;--awb-border-radius-bottom-left:0px;--awb-background-color:#eeeeee;--awb-flex-wrap:wrap;\" ><div class=\"fusion-builder-row fusion-row fusion-flex-align-items-flex-start fusion-flex-content-wrap\" style=\"max-width:calc( 1100px + 0px );margin-left: calc(-0px \/ 2 );margin-right: calc(-0px \/ 2 );\"><div class=\"fusion-layout-column fusion_builder_column fusion-builder-column-0 fusion_builder_column_1_1 1_1 fusion-flex-column\" style=\"--awb-bg-size:cover;--awb-width-large:100%;--awb-margin-top-large:0px;--awb-spacing-right-large:0px;--awb-margin-bottom-large:20px;--awb-spacing-left-large:0px;--awb-width-medium:100%;--awb-spacing-right-medium:0px;--awb-spacing-left-medium:0px;--awb-width-small:100%;--awb-spacing-right-small:0px;--awb-spacing-left-small:0px;\"><div class=\"fusion-column-wrapper fusion-flex-justify-content-flex-start fusion-content-layout-column\"><div class=\"fusion-title title fusion-title-1 fusion-sep-none fusion-title-text fusion-title-size-one\"><h1 class=\"fusion-title-heading title-heading-left\" style=\"margin:0;\">Programmes courts<\/h1><\/div><div class=\"fusion-text fusion-text-1\"><p>Les structures de votre entreprise se d\u00e9cloisonnent et vos responsabilit\u00e9s sont accrues. Vous avez besoin d\u2019une plus grande r\u00e9activit\u00e9 et d\u2019une meilleure capacit\u00e9 d\u2019innovation dans l\u2019entit\u00e9 dont vous avez ou allez avoir la charge, et ce sur un m\u00e9tier en particulier.<\/p>\n<\/div><div class=\"fusion-title title fusion-title-2 fusion-sep-none fusion-title-text fusion-title-size-one\"><h1 class=\"fusion-title-heading title-heading-left\" style=\"margin:0;\">Catalog<\/h1><\/div><div class=\"accordian fusion-accordian\" style=\"--awb-border-size:1px;--awb-icon-size:16px;--awb-content-font-size:13px;--awb-icon-alignment:left;--awb-hover-color:#f9f9f9;--awb-border-color:#cccccc;--awb-background-color:#ffffff;--awb-divider-color:#e0dede;--awb-divider-hover-color:#e0dede;--awb-icon-color:#ffffff;--awb-title-color:#333333;--awb-content-color:#747474;--awb-icon-box-color:#333333;--awb-toggle-hover-accent-color:#e9a825;--awb-title-font-family:&quot;Roboto&quot;;--awb-title-font-weight:500;--awb-title-font-style:normal;--awb-title-font-size:16px;--awb-content-font-family:&quot;Roboto&quot;;--awb-content-font-style:normal;--awb-content-font-weight:300;\"><div class=\"panel-group fusion-toggle-icon-boxed\" id=\"accordion-232-1\"><div class=\"fusion-panel panel-default panel-5577d834cce9da363 fusion-toggle-has-divider\"><div class=\"panel-heading\"><h4 class=\"panel-title toggle\" id=\"toggle_5577d834cce9da363\"><a aria-expanded=\"false\" aria-controls=\"5577d834cce9da363\" role=\"button\" data-toggle=\"collapse\" data-parent=\"#accordion-232-1\" data-target=\"#5577d834cce9da363\" href=\"#5577d834cce9da363\"><span class=\"fusion-toggle-icon-wrapper\" aria-hidden=\"true\"><i class=\"fa-fusion-box active-icon awb-icon-minus\" aria-hidden=\"true\"><\/i><i class=\"fa-fusion-box inactive-icon awb-icon-plus\" aria-hidden=\"true\"><\/i><\/span><span class=\"fusion-toggle-heading\">Achats - Logistique<\/span><\/a><\/h4><\/div><div id=\"5577d834cce9da363\" class=\"panel-collapse collapse\" aria-labelledby=\"toggle_5577d834cce9da363\"><div class=\"panel-body toggle-content fusion-clearfix\">\n<p>Formation pratique \u00e0 l\u2019achat<br \/>\nN\u00e9gociation d\u2019achats \u2013 Niveau 1 et 2<br \/>\nDroit des contrats et aspects juridiques des achats<br \/>\nConna\u00eetre la r\u00e9glementation douani\u00e8re et ma\u00eetriser le transport<br \/>\nFormation pratique \u00e0 l\u2019approvisionnement<br \/>\nM\u00e9thodes pratiques de gestion des stocks<\/p>\n<\/div><\/div><\/div><div class=\"fusion-panel panel-default panel-a0b5158b5669f88cf fusion-toggle-has-divider\"><div class=\"panel-heading\"><h4 class=\"panel-title toggle\" id=\"toggle_a0b5158b5669f88cf\"><a aria-expanded=\"false\" aria-controls=\"a0b5158b5669f88cf\" role=\"button\" data-toggle=\"collapse\" data-parent=\"#accordion-232-1\" data-target=\"#a0b5158b5669f88cf\" href=\"#a0b5158b5669f88cf\"><span class=\"fusion-toggle-icon-wrapper\" aria-hidden=\"true\"><i class=\"fa-fusion-box active-icon awb-icon-minus\" aria-hidden=\"true\"><\/i><i class=\"fa-fusion-box inactive-icon awb-icon-plus\" aria-hidden=\"true\"><\/i><\/span><span class=\"fusion-toggle-heading\">Communication \u2013 Marketing - Digital<\/span><\/a><\/h4><\/div><div id=\"a0b5158b5669f88cf\" class=\"panel-collapse collapse\" aria-labelledby=\"toggle_a0b5158b5669f88cf\"><div class=\"panel-body toggle-content fusion-clearfix\">\n<p>Le marketing op\u00e9rationnel : m\u00e9thodes et outils<br \/>\nStrat\u00e9gie de communication digitale sur les m\u00e9dias sociaux<br \/>\nR\u00e9ussir manifestations et \u00e9v\u00e9nements<br \/>\nLes fondamentaux du Web 2.0 et des r\u00e9seaux sociaux<br \/>\nLes cl\u00e9s du webmarketing<\/p>\n<\/div><\/div><\/div><div class=\"fusion-panel panel-default panel-225118eece92a9f36 fusion-toggle-has-divider\"><div class=\"panel-heading\"><h4 class=\"panel-title toggle\" id=\"toggle_225118eece92a9f36\"><a aria-expanded=\"false\" aria-controls=\"225118eece92a9f36\" role=\"button\" data-toggle=\"collapse\" data-parent=\"#accordion-232-1\" data-target=\"#225118eece92a9f36\" href=\"#225118eece92a9f36\"><span class=\"fusion-toggle-icon-wrapper\" aria-hidden=\"true\"><i class=\"fa-fusion-box active-icon awb-icon-minus\" aria-hidden=\"true\"><\/i><i class=\"fa-fusion-box inactive-icon awb-icon-plus\" aria-hidden=\"true\"><\/i><\/span><span class=\"fusion-toggle-heading\">D\u00e9veloppement Personnel Appliqu\u00e9<\/span><\/a><\/h4><\/div><div id=\"225118eece92a9f36\" class=\"panel-collapse collapse\" aria-labelledby=\"toggle_225118eece92a9f36\"><div class=\"panel-body toggle-content fusion-clearfix\">\n<p>S\u2019affirmer dans ses relations professionnelles \u2013 Assertivit\u00e9 niveau d\u00e9couverte<br \/>\nSp\u00e9cial Cadres : G\u00e9rer son stress efficacement et pour longtemps<br \/>\nSp\u00e9cial Cadres : Approfondir la connaissance de soi-m\u00eame et des autres pour mieux travailler ensemble<br \/>\nBien vivre sa retraite<br \/>\nLes cl\u00e9s du leadership personnel<\/p>\n<\/div><\/div><\/div><div class=\"fusion-panel panel-default panel-c468ecc262a6d437d fusion-toggle-has-divider\"><div class=\"panel-heading\"><h4 class=\"panel-title toggle\" id=\"toggle_c468ecc262a6d437d\"><a aria-expanded=\"false\" aria-controls=\"c468ecc262a6d437d\" role=\"button\" data-toggle=\"collapse\" data-parent=\"#accordion-232-1\" data-target=\"#c468ecc262a6d437d\" href=\"#c468ecc262a6d437d\"><span class=\"fusion-toggle-icon-wrapper\" aria-hidden=\"true\"><i class=\"fa-fusion-box active-icon awb-icon-minus\" aria-hidden=\"true\"><\/i><i class=\"fa-fusion-box inactive-icon awb-icon-plus\" aria-hidden=\"true\"><\/i><\/span><span class=\"fusion-toggle-heading\">Efficacit\u00e9 Professionnelle<\/span><\/a><\/h4><\/div><div id=\"c468ecc262a6d437d\" class=\"panel-collapse collapse\" aria-labelledby=\"toggle_c468ecc262a6d437d\"><div class=\"panel-body toggle-content fusion-clearfix\">\n<p>Ma\u00eetrise du temps et gestion des priorit\u00e9s<br \/>\nCommuniquer avec aisance en situation difficile<br \/>\nLa Process Com<br \/>\nLes bases de la prise de parole en public<br \/>\nArgumenter : un levier pour convaincre<br \/>\nAm\u00e9liorer ses \u00e9crits professionnels<\/p>\n<\/div><\/div><\/div><div class=\"fusion-panel panel-default panel-66f9b4a96b634c220 fusion-toggle-has-divider\"><div class=\"panel-heading\"><h4 class=\"panel-title toggle\" id=\"toggle_66f9b4a96b634c220\"><a aria-expanded=\"false\" aria-controls=\"66f9b4a96b634c220\" role=\"button\" data-toggle=\"collapse\" data-parent=\"#accordion-232-1\" data-target=\"#66f9b4a96b634c220\" href=\"#66f9b4a96b634c220\"><span class=\"fusion-toggle-icon-wrapper\" aria-hidden=\"true\"><i class=\"fa-fusion-box active-icon awb-icon-minus\" aria-hidden=\"true\"><\/i><i class=\"fa-fusion-box inactive-icon awb-icon-plus\" aria-hidden=\"true\"><\/i><\/span><span class=\"fusion-toggle-heading\">Finance \u2013 Comptabilit\u00e9 - Gestion<\/span><\/a><\/h4><\/div><div id=\"66f9b4a96b634c220\" class=\"panel-collapse collapse\" aria-labelledby=\"toggle_66f9b4a96b634c220\"><div class=\"panel-body toggle-content fusion-clearfix\">\n<p>Finance pour non-financiers<br \/>\nTableau de bord \u2013 Niveau 1 et 2<br \/>\nR\u00e9ussir son business plan<br \/>\nPratique de la comptabilit\u00e9 g\u00e9n\u00e9rale \u2013 Niveau 1 et 2<\/p>\n<\/div><\/div><\/div><div class=\"fusion-panel panel-default panel-6b884bde999ccb5a4 fusion-toggle-has-divider\"><div class=\"panel-heading\"><h4 class=\"panel-title toggle\" id=\"toggle_6b884bde999ccb5a4\"><a aria-expanded=\"false\" aria-controls=\"6b884bde999ccb5a4\" role=\"button\" data-toggle=\"collapse\" data-parent=\"#accordion-232-1\" data-target=\"#6b884bde999ccb5a4\" href=\"#6b884bde999ccb5a4\"><span class=\"fusion-toggle-icon-wrapper\" aria-hidden=\"true\"><i class=\"fa-fusion-box active-icon awb-icon-minus\" aria-hidden=\"true\"><\/i><i class=\"fa-fusion-box inactive-icon awb-icon-plus\" aria-hidden=\"true\"><\/i><\/span><span class=\"fusion-toggle-heading\">Training of Trainers<\/span><\/a><\/h4><\/div><div id=\"6b884bde999ccb5a4\" class=\"panel-collapse collapse\" aria-labelledby=\"toggle_6b884bde999ccb5a4\"><div class=\"panel-body toggle-content fusion-clearfix\">\n<p>Formateur : r\u00e9ussir ses animations<br \/>\nFormateur occasionnel : concevoir et animer ses formations<br \/>\nExercer le r\u00f4le de tuteur<\/p>\n<\/div><\/div><\/div><div class=\"fusion-panel panel-default panel-25cd06810ce01d081 fusion-toggle-has-divider\"><div class=\"panel-heading\"><h4 class=\"panel-title toggle\" id=\"toggle_25cd06810ce01d081\"><a aria-expanded=\"false\" aria-controls=\"25cd06810ce01d081\" role=\"button\" data-toggle=\"collapse\" data-parent=\"#accordion-232-1\" data-target=\"#25cd06810ce01d081\" href=\"#25cd06810ce01d081\"><span class=\"fusion-toggle-icon-wrapper\" aria-hidden=\"true\"><i class=\"fa-fusion-box active-icon awb-icon-minus\" aria-hidden=\"true\"><\/i><i class=\"fa-fusion-box inactive-icon awb-icon-plus\" aria-hidden=\"true\"><\/i><\/span><span class=\"fusion-toggle-heading\">Gestion de Projets<\/span><\/a><\/h4><\/div><div id=\"25cd06810ce01d081\" class=\"panel-collapse collapse\" aria-labelledby=\"toggle_25cd06810ce01d081\"><div class=\"panel-body toggle-content fusion-clearfix\">\n<p>Les cl\u00e9s du management de projet<br \/>\nChef de projet occasionnel<br \/>\nLe leadership du chef de projet<br \/>\nR\u00e9ussir sa certification PMP<\/p>\n<\/div><\/div><\/div><div class=\"fusion-panel panel-default panel-d8ddffa2163cf8f4a fusion-toggle-has-divider\"><div class=\"panel-heading\"><h4 class=\"panel-title toggle\" id=\"toggle_d8ddffa2163cf8f4a\"><a aria-expanded=\"false\" aria-controls=\"d8ddffa2163cf8f4a\" role=\"button\" data-toggle=\"collapse\" data-parent=\"#accordion-232-1\" data-target=\"#d8ddffa2163cf8f4a\" href=\"#d8ddffa2163cf8f4a\"><span class=\"fusion-toggle-icon-wrapper\" aria-hidden=\"true\"><i class=\"fa-fusion-box active-icon awb-icon-minus\" aria-hidden=\"true\"><\/i><i class=\"fa-fusion-box inactive-icon awb-icon-plus\" aria-hidden=\"true\"><\/i><\/span><span class=\"fusion-toggle-heading\">Management<\/span><\/a><\/h4><\/div><div id=\"d8ddffa2163cf8f4a\" class=\"panel-collapse collapse\" aria-labelledby=\"toggle_d8ddffa2163cf8f4a\"><div class=\"panel-body toggle-content fusion-clearfix\">\n<p>Cadres : r\u00e9ussir dans sa premi\u00e8re fonction de manager<br \/>\nManager une \u00e9quipe<br \/>\nLe management transversal<br \/>\nManager et animer une \u00e9quipe projet<br \/>\nD\u00e9velopper une communication efficace avec son \u00e9quipe et sa hi\u00e9rarchie<br \/>\nManagers : g\u00e9rer les conflits au quotidien<br \/>\nD\u00e9marche et outils pour accompagner les hommes et les \u00e9quipes dans le changement<br \/>\nManagers : r\u00e9ussir ses entretiens annuels<\/p>\n<\/div><\/div><\/div><div class=\"fusion-panel panel-default panel-9173c54a6b741a814 fusion-toggle-has-divider\"><div class=\"panel-heading\"><h4 class=\"panel-title toggle\" id=\"toggle_9173c54a6b741a814\"><a aria-expanded=\"false\" aria-controls=\"9173c54a6b741a814\" role=\"button\" data-toggle=\"collapse\" data-parent=\"#accordion-232-1\" data-target=\"#9173c54a6b741a814\" href=\"#9173c54a6b741a814\"><span class=\"fusion-toggle-icon-wrapper\" aria-hidden=\"true\"><i class=\"fa-fusion-box active-icon awb-icon-minus\" aria-hidden=\"true\"><\/i><i class=\"fa-fusion-box inactive-icon awb-icon-plus\" aria-hidden=\"true\"><\/i><\/span><span class=\"fusion-toggle-heading\">RH \u2013 Paie - Formation<\/span><\/a><\/h4><\/div><div id=\"9173c54a6b741a814\" class=\"panel-collapse collapse\" aria-labelledby=\"toggle_9173c54a6b741a814\"><div class=\"panel-body toggle-content fusion-clearfix\">\n<p>L\u2019essentiel en gestion des Ressources Humaines<br \/>\nPratiquer l\u2019entretien de recrutement<br \/>\nPaie et charges sociales<\/p>\n<\/div><\/div><\/div><div class=\"fusion-panel panel-default panel-80910e59970098425 fusion-toggle-has-divider\"><div class=\"panel-heading\"><h4 class=\"panel-title toggle\" id=\"toggle_80910e59970098425\"><a aria-expanded=\"false\" aria-controls=\"80910e59970098425\" role=\"button\" data-toggle=\"collapse\" data-parent=\"#accordion-232-1\" data-target=\"#80910e59970098425\" href=\"#80910e59970098425\"><span class=\"fusion-toggle-icon-wrapper\" aria-hidden=\"true\"><i class=\"fa-fusion-box active-icon awb-icon-minus\" aria-hidden=\"true\"><\/i><i class=\"fa-fusion-box inactive-icon awb-icon-plus\" aria-hidden=\"true\"><\/i><\/span><span class=\"fusion-toggle-heading\">M\u00e9tiers des Secr\u00e9taires et Assistantes<\/span><\/a><\/h4><\/div><div id=\"80910e59970098425\" class=\"panel-collapse collapse\" aria-labelledby=\"toggle_80910e59970098425\"><div class=\"panel-body toggle-content fusion-clearfix\">\n<p>Cycle Assistante<br \/>\nAssistant(e) : cl\u00e9 de vo\u00fbte de l\u2019efficacit\u00e9 du service<br \/>\nAssistant(e) d\u2019\u00e9quipe : un m\u00e9tier d\u2019organisation et de communication<br \/>\nH\u00f4tesse-standardiste, un m\u00e9tier de communication en premi\u00e8re ligne<\/p>\n<\/div><\/div><\/div><div class=\"fusion-panel panel-default panel-54fd2925fe9843af4 fusion-toggle-has-divider\"><div class=\"panel-heading\"><h4 class=\"panel-title toggle\" id=\"toggle_54fd2925fe9843af4\"><a aria-expanded=\"false\" aria-controls=\"54fd2925fe9843af4\" role=\"button\" data-toggle=\"collapse\" data-parent=\"#accordion-232-1\" data-target=\"#54fd2925fe9843af4\" href=\"#54fd2925fe9843af4\"><span class=\"fusion-toggle-icon-wrapper\" aria-hidden=\"true\"><i class=\"fa-fusion-box active-icon awb-icon-minus\" aria-hidden=\"true\"><\/i><i class=\"fa-fusion-box inactive-icon awb-icon-plus\" aria-hidden=\"true\"><\/i><\/span><span class=\"fusion-toggle-heading\">M\u00e9tiers des Assistantes de Direction et Office Manager<\/span><\/a><\/h4><\/div><div id=\"54fd2925fe9843af4\" class=\"panel-collapse collapse\" aria-labelledby=\"toggle_54fd2925fe9843af4\"><div class=\"panel-body toggle-content fusion-clearfix\">\n<p>Assistante de direction<br \/>\nCycle Assistante de direction<br \/>\nOffice Manager : les bases du m\u00e9tier<br \/>\nLes bases RH pour assistante<br \/>\nCycle Office Manager<br \/>\nManager une \u00e9quipe d\u2019assistant(e)s<\/p>\n<\/div><\/div><\/div><div class=\"fusion-panel panel-default panel-4c6aa0d56263f1de2 fusion-toggle-has-divider\"><div class=\"panel-heading\"><h4 class=\"panel-title toggle\" id=\"toggle_4c6aa0d56263f1de2\"><a aria-expanded=\"false\" aria-controls=\"4c6aa0d56263f1de2\" role=\"button\" data-toggle=\"collapse\" data-parent=\"#accordion-232-1\" data-target=\"#4c6aa0d56263f1de2\" href=\"#4c6aa0d56263f1de2\"><span class=\"fusion-toggle-icon-wrapper\" aria-hidden=\"true\"><i class=\"fa-fusion-box active-icon awb-icon-minus\" aria-hidden=\"true\"><\/i><i class=\"fa-fusion-box inactive-icon awb-icon-plus\" aria-hidden=\"true\"><\/i><\/span><span class=\"fusion-toggle-heading\">Communication Ecrite<\/span><\/a><\/h4><\/div><div id=\"4c6aa0d56263f1de2\" class=\"panel-collapse collapse\" aria-labelledby=\"toggle_4c6aa0d56263f1de2\"><div class=\"panel-body toggle-content fusion-clearfix\">\n<p>Sp\u00e9cial Assistant(e)s : R\u00e9diger vite et bien<br \/>\nSp\u00e9cial Assistant(e)s : R\u00e9diger des e-mails efficaces<br \/>\nRenforcer ses comp\u00e9tences en synth\u00e8se \u00e9crite<br \/>\nSp\u00e9cial Assistant(e)s : Prise de notes et r\u00e9daction de comptes rendus efficaces<\/p>\n<\/div><\/div><\/div><div class=\"fusion-panel panel-default panel-fbc55ef7f097e9555 fusion-toggle-has-divider\"><div class=\"panel-heading\"><h4 class=\"panel-title toggle\" id=\"toggle_fbc55ef7f097e9555\"><a aria-expanded=\"false\" aria-controls=\"fbc55ef7f097e9555\" role=\"button\" data-toggle=\"collapse\" data-parent=\"#accordion-232-1\" data-target=\"#fbc55ef7f097e9555\" href=\"#fbc55ef7f097e9555\"><span class=\"fusion-toggle-icon-wrapper\" aria-hidden=\"true\"><i class=\"fa-fusion-box active-icon awb-icon-minus\" aria-hidden=\"true\"><\/i><i class=\"fa-fusion-box inactive-icon awb-icon-plus\" aria-hidden=\"true\"><\/i><\/span><span class=\"fusion-toggle-heading\">Communication Orale<\/span><\/a><\/h4><\/div><div id=\"fbc55ef7f097e9555\" class=\"panel-collapse collapse\" aria-labelledby=\"toggle_fbc55ef7f097e9555\"><div class=\"panel-body toggle-content fusion-clearfix\">\n<p>Sp\u00e9cial Assistant(e)s : S\u2019exprimer avec aisance<br \/>\nPrendre la parole en r\u00e9union<br \/>\nArgumenter : un levier pour convaincre<br \/>\nSp\u00e9cial Assistant(e)s : Mieux communiquer par t\u00e9l\u00e9phone<\/p>\n<\/div><\/div><\/div><div class=\"fusion-panel panel-default panel-f8f0ae9ded34b05a3 fusion-toggle-has-divider\"><div class=\"panel-heading\"><h4 class=\"panel-title toggle\" id=\"toggle_f8f0ae9ded34b05a3\"><a aria-expanded=\"false\" aria-controls=\"f8f0ae9ded34b05a3\" role=\"button\" data-toggle=\"collapse\" data-parent=\"#accordion-232-1\" data-target=\"#f8f0ae9ded34b05a3\" href=\"#f8f0ae9ded34b05a3\"><span class=\"fusion-toggle-icon-wrapper\" aria-hidden=\"true\"><i class=\"fa-fusion-box active-icon awb-icon-minus\" aria-hidden=\"true\"><\/i><i class=\"fa-fusion-box inactive-icon awb-icon-plus\" aria-hidden=\"true\"><\/i><\/span><span class=\"fusion-toggle-heading\">Relations Productives et Coop\u00e9ration<\/span><\/a><\/h4><\/div><div id=\"f8f0ae9ded34b05a3\" class=\"panel-collapse collapse\" aria-labelledby=\"toggle_f8f0ae9ded34b05a3\"><div class=\"panel-body toggle-content fusion-clearfix\">\n<p>Les outils essentiels de d\u00e9veloppement personnel pour optimiser ses relations professionnelles<br \/>\nMa\u00eetrise et affirmation de soi<br \/>\nS\u2019affirmer et sortir des conflits au quotidien<br \/>\nApprofondir la connaissance de soi-m\u00eame et des autres pour mieux travailler ensemble<br \/>\nL\u2019estime de soi, source de l\u2019efficacit\u00e9 professionnelle<br \/>\nG\u00e9rer son stress efficacement et pour longtemps<\/p>\n<\/div><\/div><\/div><div class=\"fusion-panel panel-default panel-76e74df4e51897421 fusion-toggle-has-divider\"><div class=\"panel-heading\"><h4 class=\"panel-title toggle\" id=\"toggle_76e74df4e51897421\"><a aria-expanded=\"false\" aria-controls=\"76e74df4e51897421\" role=\"button\" data-toggle=\"collapse\" data-parent=\"#accordion-232-1\" data-target=\"#76e74df4e51897421\" href=\"#76e74df4e51897421\"><span class=\"fusion-toggle-icon-wrapper\" aria-hidden=\"true\"><i class=\"fa-fusion-box active-icon awb-icon-minus\" aria-hidden=\"true\"><\/i><i class=\"fa-fusion-box inactive-icon awb-icon-plus\" aria-hidden=\"true\"><\/i><\/span><span class=\"fusion-toggle-heading\">Affirmation de Soi<\/span><\/a><\/h4><\/div><div id=\"76e74df4e51897421\" class=\"panel-collapse collapse\" aria-labelledby=\"toggle_76e74df4e51897421\"><div class=\"panel-body toggle-content fusion-clearfix\">\n<p>S\u2019affirmer dans ses relations professionnelles \u2013 Assertivit\u00e9 niveau d\u00e9couverte<br \/>\nMa\u00eetrise et affirmation de soi \u2013 Assertivit\u00e9 niveau 1et 2<br \/>\nS\u2019affirmer et sortir des conflits au quotidien \u2013 Assertivit\u00e9 niveau 1 et 2<br \/>\nD\u00e9couvrir son fonctionnement relationnel avec le MBTI\u00ae<br \/>\nLes 7 habitudes des gens tr\u00e8s efficaces<br \/>\nS\u2019affirmer sereinement en toutes circonstances \u2013 Assertivit\u00e9<\/p>\n<\/div><\/div><\/div><div class=\"fusion-panel panel-default panel-dd3baaf6af7c2a750 fusion-toggle-has-divider\"><div class=\"panel-heading\"><h4 class=\"panel-title toggle\" id=\"toggle_dd3baaf6af7c2a750\"><a aria-expanded=\"false\" aria-controls=\"dd3baaf6af7c2a750\" role=\"button\" data-toggle=\"collapse\" data-parent=\"#accordion-232-1\" data-target=\"#dd3baaf6af7c2a750\" href=\"#dd3baaf6af7c2a750\"><span class=\"fusion-toggle-icon-wrapper\" aria-hidden=\"true\"><i class=\"fa-fusion-box active-icon awb-icon-minus\" aria-hidden=\"true\"><\/i><i class=\"fa-fusion-box inactive-icon awb-icon-plus\" aria-hidden=\"true\"><\/i><\/span><span class=\"fusion-toggle-heading\">Communication Digitale<\/span><\/a><\/h4><\/div><div id=\"dd3baaf6af7c2a750\" class=\"panel-collapse collapse\" aria-labelledby=\"toggle_dd3baaf6af7c2a750\"><div class=\"panel-body toggle-content fusion-clearfix\">\n<p>Digital Brand Content<br \/>\nOptimiser l\u2019exp\u00e9rience client gr\u00e2ce au digital<br \/>\nLes fondamentaux du Big data<br \/>\nPublicit\u00e9 sur le web et les r\u00e9seaux sociaux<br \/>\n\u00bd journ\u00e9e chrono pour cr\u00e9er et utiliser Facebook<br \/>\n\u00bd journ\u00e9e chrono pour cr\u00e9er un profil efficace sur LinkedIn<br \/>\n\u00bd journ\u00e9e chrono pour utiliser Twitter efficacement<br \/>\nPiloter vos vid\u00e9os on line<br \/>\nStrat\u00e9gie de communication digitale sur les m\u00e9dias sociaux<br \/>\nLes fondamentaux du Web 2.0 et des r\u00e9seaux sociaux<br \/>\nVeille sur Internet et les r\u00e9seaux sociaux<br \/>\nCr\u00e9er et animer un blog<br \/>\nR\u00e9diger pour le Web<\/p>\n<\/div><\/div><\/div><div class=\"fusion-panel panel-default panel-88c7eb480a577ac22 fusion-toggle-has-divider\"><div class=\"panel-heading\"><h4 class=\"panel-title toggle\" id=\"toggle_88c7eb480a577ac22\"><a aria-expanded=\"false\" aria-controls=\"88c7eb480a577ac22\" role=\"button\" data-toggle=\"collapse\" data-parent=\"#accordion-232-1\" data-target=\"#88c7eb480a577ac22\" href=\"#88c7eb480a577ac22\"><span class=\"fusion-toggle-icon-wrapper\" aria-hidden=\"true\"><i class=\"fa-fusion-box active-icon awb-icon-minus\" aria-hidden=\"true\"><\/i><i class=\"fa-fusion-box inactive-icon awb-icon-plus\" aria-hidden=\"true\"><\/i><\/span><span class=\"fusion-toggle-heading\">Strat\u00e9gie, Vente et N\u00e9gociation<\/span><\/a><\/h4><\/div><div id=\"88c7eb480a577ac22\" class=\"panel-collapse collapse\" aria-labelledby=\"toggle_88c7eb480a577ac22\"><div class=\"panel-body toggle-content fusion-clearfix\">\n<p>Key Account Manager<br \/>\nKey Account Manager : d\u00e9velopper durablement ses comptes strat\u00e9giques<br \/>\nKey Account Manager, d\u00e9velopper votre leadership<br \/>\nResponsable Grands Comptes : vendre et n\u00e9gocier<br \/>\nFormation de l\u2019ing\u00e9nieur d\u2019affaires<br \/>\nVente complexe : tactiques commerciales et strat\u00e9gies gagnantes<br \/>\nVente complexe et r\u00e9seaux d\u2019influence<\/p>\n<\/div><\/div><\/div><div class=\"fusion-panel panel-default panel-60e0b997dbacd4940 fusion-toggle-has-divider\"><div class=\"panel-heading\"><h4 class=\"panel-title toggle\" id=\"toggle_60e0b997dbacd4940\"><a aria-expanded=\"false\" aria-controls=\"60e0b997dbacd4940\" role=\"button\" data-toggle=\"collapse\" data-parent=\"#accordion-232-1\" data-target=\"#60e0b997dbacd4940\" href=\"#60e0b997dbacd4940\"><span class=\"fusion-toggle-icon-wrapper\" aria-hidden=\"true\"><i class=\"fa-fusion-box active-icon awb-icon-minus\" aria-hidden=\"true\"><\/i><i class=\"fa-fusion-box inactive-icon awb-icon-plus\" aria-hidden=\"true\"><\/i><\/span><span class=\"fusion-toggle-heading\">Superviser et Manager un Centre d\u2019Appels<\/span><\/a><\/h4><\/div><div id=\"60e0b997dbacd4940\" class=\"panel-collapse collapse\" aria-labelledby=\"toggle_60e0b997dbacd4940\"><div class=\"panel-body toggle-content fusion-clearfix\">\n<p>Nouveau superviseur en centre d\u2019appels<br \/>\nManager, d\u00e9velopper l\u2019orientation client de son \u00e9quipe<br \/>\nNouveau superviseur en centre d\u2019appels<\/p>\n<\/div><\/div><\/div><div class=\"fusion-panel panel-default panel-e4e1b8345d562a128 fusion-toggle-has-divider\"><div class=\"panel-heading\"><h4 class=\"panel-title toggle\" id=\"toggle_e4e1b8345d562a128\"><a aria-expanded=\"false\" aria-controls=\"e4e1b8345d562a128\" role=\"button\" data-toggle=\"collapse\" data-parent=\"#accordion-232-1\" data-target=\"#e4e1b8345d562a128\" href=\"#e4e1b8345d562a128\"><span class=\"fusion-toggle-icon-wrapper\" aria-hidden=\"true\"><i class=\"fa-fusion-box active-icon awb-icon-minus\" aria-hidden=\"true\"><\/i><i class=\"fa-fusion-box inactive-icon awb-icon-plus\" aria-hidden=\"true\"><\/i><\/span><span class=\"fusion-toggle-heading\">Pilotage de la Performance Commerciale<\/span><\/a><\/h4><\/div><div id=\"e4e1b8345d562a128\" class=\"panel-collapse collapse\" aria-labelledby=\"toggle_e4e1b8345d562a128\"><div class=\"panel-body toggle-content fusion-clearfix\">\n<p>Le plan d\u2019actions commerciales : acc\u00e9l\u00e9rateur de performance commerciale<br \/>\nTableau de bord commercial : piloter la performance<br \/>\nLes bases du droit du contrat commercial<br \/>\nVente complexe et r\u00e9seaux d\u2019influence<br \/>\nPiloter et animer efficacement un r\u00e9seau de distribution<\/p>\n<\/div><\/div><\/div><div class=\"fusion-panel panel-default panel-33f183f78edc744b5 fusion-toggle-has-divider\"><div class=\"panel-heading\"><h4 class=\"panel-title toggle\" id=\"toggle_33f183f78edc744b5\"><a aria-expanded=\"false\" aria-controls=\"33f183f78edc744b5\" role=\"button\" data-toggle=\"collapse\" data-parent=\"#accordion-232-1\" data-target=\"#33f183f78edc744b5\" href=\"#33f183f78edc744b5\"><span class=\"fusion-toggle-icon-wrapper\" aria-hidden=\"true\"><i class=\"fa-fusion-box active-icon awb-icon-minus\" aria-hidden=\"true\"><\/i><i class=\"fa-fusion-box inactive-icon awb-icon-plus\" aria-hidden=\"true\"><\/i><\/span><span class=\"fusion-toggle-heading\">Management et Motivation des Equipes Commerciales<\/span><\/a><\/h4><\/div><div id=\"33f183f78edc744b5\" class=\"panel-collapse collapse\" aria-labelledby=\"toggle_33f183f78edc744b5\"><div class=\"panel-body toggle-content fusion-clearfix\">\n<p>Manager, animer et motiver ses commerciaux<br \/>\nManager son \u00e9quipe commerciale<br \/>\nLe coaching efficace des commerciaux<\/p>\n<\/div><\/div><\/div><div class=\"fusion-panel panel-default panel-58f7db9e75201313c fusion-toggle-has-divider\"><div class=\"panel-heading\"><h4 class=\"panel-title toggle\" id=\"toggle_58f7db9e75201313c\"><a aria-expanded=\"false\" aria-controls=\"58f7db9e75201313c\" role=\"button\" data-toggle=\"collapse\" data-parent=\"#accordion-232-1\" data-target=\"#58f7db9e75201313c\" href=\"#58f7db9e75201313c\"><span class=\"fusion-toggle-icon-wrapper\" aria-hidden=\"true\"><i class=\"fa-fusion-box active-icon awb-icon-minus\" aria-hidden=\"true\"><\/i><i class=\"fa-fusion-box inactive-icon awb-icon-plus\" aria-hidden=\"true\"><\/i><\/span><span class=\"fusion-toggle-heading\">Relations de Travail et Coop\u00e9ration<\/span><\/a><\/h4><\/div><div id=\"58f7db9e75201313c\" class=\"panel-collapse collapse\" aria-labelledby=\"toggle_58f7db9e75201313c\"><div class=\"panel-body toggle-content fusion-clearfix\">\n<p>Mieux \u00e9couter pour mieux d\u00e9coder<br \/>\nAm\u00e9liorer ses relations au travail avec l\u2019analyse transactionnelle<br \/>\nLes outils essentiels de d\u00e9veloppement personnel pour optimiser ses relations professionnelles<br \/>\nOutils de PNL pour entrer en contact avec aisance et efficacit\u00e9<br \/>\nOutils de d\u00e9veloppement personnel pour une relation client optimale<br \/>\nLes bases de la relation de coop\u00e9ration<br \/>\nLes comp\u00e9tences cl\u00e9s pour coop\u00e9rer dans la dur\u00e9e<br \/>\nApprofondir la connaissance de soi-m\u00eame et des autres pour mieux travailler ensemble<br \/>\nSp\u00e9cial Cadres : Approfondir la connaissance de soi-m\u00eame et des autres pour mieux travailler ensemble<\/p>\n<\/div><\/div><\/div><div class=\"fusion-panel panel-default panel-af2432461b9cd2af4 fusion-toggle-has-divider\"><div class=\"panel-heading\"><h4 class=\"panel-title toggle\" id=\"toggle_af2432461b9cd2af4\"><a aria-expanded=\"false\" aria-controls=\"af2432461b9cd2af4\" role=\"button\" data-toggle=\"collapse\" data-parent=\"#accordion-232-1\" data-target=\"#af2432461b9cd2af4\" href=\"#af2432461b9cd2af4\"><span class=\"fusion-toggle-icon-wrapper\" aria-hidden=\"true\"><i class=\"fa-fusion-box active-icon awb-icon-minus\" aria-hidden=\"true\"><\/i><i class=\"fa-fusion-box inactive-icon awb-icon-plus\" aria-hidden=\"true\"><\/i><\/span><span class=\"fusion-toggle-heading\">Leadership et Impact Personnel<\/span><\/a><\/h4><\/div><div id=\"af2432461b9cd2af4\" class=\"panel-collapse collapse\" aria-labelledby=\"toggle_af2432461b9cd2af4\"><div class=\"panel-body toggle-content fusion-clearfix\">\n<p>Les cl\u00e9s du leadership personnel<br \/>\nMieux communiquer pour faire passer ses messages<br \/>\nD\u00e9velopper son impact personnel<br \/>\nMobiliser toutes ses intelligences pour mieux communiquer<br \/>\nD\u00e9velopper sa flexibilit\u00e9 relationnelle et son impact personnel<br \/>\nMieux se conna\u00eetre pour affirmer son leadership<br \/>\nLeadership personnel et performance collective<\/p>\n<\/div><\/div><\/div><div class=\"fusion-panel panel-default panel-c65dc923506a1288a fusion-toggle-has-divider\"><div class=\"panel-heading\"><h4 class=\"panel-title toggle\" id=\"toggle_c65dc923506a1288a\"><a aria-expanded=\"false\" aria-controls=\"c65dc923506a1288a\" role=\"button\" data-toggle=\"collapse\" data-parent=\"#accordion-232-1\" data-target=\"#c65dc923506a1288a\" href=\"#c65dc923506a1288a\"><span class=\"fusion-toggle-icon-wrapper\" aria-hidden=\"true\"><i class=\"fa-fusion-box active-icon awb-icon-minus\" aria-hidden=\"true\"><\/i><i class=\"fa-fusion-box inactive-icon awb-icon-plus\" aria-hidden=\"true\"><\/i><\/span><span class=\"fusion-toggle-heading\">Culture Digitale \u2013 Transformation Digitale<\/span><\/a><\/h4><\/div><div id=\"c65dc923506a1288a\" class=\"panel-collapse collapse\" aria-labelledby=\"toggle_c65dc923506a1288a\"><div class=\"panel-body toggle-content fusion-clearfix\">\n<p>R\u00e9ussir la transformation digitale de l\u2019entreprise<br \/>\nInt\u00e9grer le digital dans vos produits et services<br \/>\nLes fondamentaux du Web 2.0 et des r\u00e9seaux sociaux<br \/>\nManager, d\u00e9velopper la culture digitale<br \/>\nDSI : Int\u00e9grer la transformation digitale de l\u2019entreprise<br \/>\nRH : accompagner la transformation digitale de votre entreprise<br \/>\nUtiliser les r\u00e9seaux sociaux pour recruter<br \/>\nKnowledge Management, capitalisation et partage des savoirs \u00e0 l\u2019\u00e8re du digital<br \/>\nFormateur, int\u00e9grez le digital dans votre p\u00e9dagogie<\/p>\n<\/div><\/div><\/div><div class=\"fusion-panel panel-default panel-63fb4747c1f377877 fusion-toggle-has-divider\"><div class=\"panel-heading\"><h4 class=\"panel-title toggle\" id=\"toggle_63fb4747c1f377877\"><a aria-expanded=\"false\" aria-controls=\"63fb4747c1f377877\" role=\"button\" data-toggle=\"collapse\" data-parent=\"#accordion-232-1\" data-target=\"#63fb4747c1f377877\" href=\"#63fb4747c1f377877\"><span class=\"fusion-toggle-icon-wrapper\" aria-hidden=\"true\"><i class=\"fa-fusion-box active-icon awb-icon-minus\" aria-hidden=\"true\"><\/i><i class=\"fa-fusion-box inactive-icon awb-icon-plus\" aria-hidden=\"true\"><\/i><\/span><span class=\"fusion-toggle-heading\">Marketing et Communication \u00e0 l\u2019Ere du Digital<\/span><\/a><\/h4><\/div><div id=\"63fb4747c1f377877\" class=\"panel-collapse collapse\" aria-labelledby=\"toggle_63fb4747c1f377877\"><div class=\"panel-body toggle-content fusion-clearfix\">\n<p>Strat\u00e9gie de communication digitale sur les m\u00e9dias sociaux<br \/>\nCommunity Management<br \/>\nInt\u00e9grer les m\u00e9dias sociaux \u00e0 sa strat\u00e9gie marketing<br \/>\nLes cl\u00e9s du marketing mobile<br \/>\nConcevoir un site ou une application pour mobile et tablette<br \/>\nResponsive design et ergonomie mobile<br \/>\nPublicit\u00e9 sur le web et les r\u00e9seaux sociaux<br \/>\nCommunication interne et r\u00e9seaux sociaux d\u2019entreprise<br \/>\nLes fondamentaux du Big data<br \/>\nDigital Brand Content<br \/>\nOptimiser l\u2019exp\u00e9rience client gr\u00e2ce au digital<\/p>\n<\/div><\/div><\/div><\/div><\/div><\/div><\/div><\/div><\/div>","protected":false},"excerpt":{"rendered":"","protected":false},"author":1,"featured_media":0,"parent":223,"menu_order":0,"comment_status":"closed","ping_status":"closed","template":"100-width.php","meta":{"footnotes":""},"class_list":["post-232","page","type-page","status-publish","hentry"],"yoast_head":"<!-- This site is optimized with the Yoast SEO plugin v27.5 - https:\/\/yoast.com\/product\/yoast-seo-wordpress\/ -->\n<title>Programmes Courts - ADALIA Institute<\/title>\n<meta name=\"description\" content=\"D\u00e9couvrez l&#039;ADALIA Institute, une \u00e9cole d&#039;enseignement sup\u00e9rieur situ\u00e9e \u00e0 Casablanca. Nous proposons des formations en Licence, Master et Doctorat dans des domaines vari\u00e9s. Notre objectif est de former des professionnels comp\u00e9tents et innovants, pr\u00eats \u00e0 relever les d\u00e9fis du monde professionnel. D\u00e9couvrez notre programme acad\u00e9mique et nos options de financement. Inscrivez-vous d\u00e8s maintenant pour donner un coup de pouce \u00e0 votre carri\u00e8re !\" \/>\n<meta name=\"robots\" content=\"index, follow, max-snippet:-1, max-image-preview:large, max-video-preview:-1\" \/>\n<link rel=\"canonical\" href=\"https:\/\/www.adalia.ac.ma\/en\/exed\/organisations\/teams\/\" \/>\n<meta property=\"og:locale\" content=\"en_US\" \/>\n<meta property=\"og:type\" content=\"article\" \/>\n<meta property=\"og:title\" content=\"Programmes Courts - ADALIA Institute\" \/>\n<meta property=\"og:description\" content=\"D\u00e9couvrez l&#039;ADALIA Institute, une \u00e9cole d&#039;enseignement sup\u00e9rieur situ\u00e9e \u00e0 Casablanca. Nous proposons des formations en Licence, Master et Doctorat dans des domaines vari\u00e9s. Notre objectif est de former des professionnels comp\u00e9tents et innovants, pr\u00eats \u00e0 relever les d\u00e9fis du monde professionnel. D\u00e9couvrez notre programme acad\u00e9mique et nos options de financement. Inscrivez-vous d\u00e8s maintenant pour donner un coup de pouce \u00e0 votre carri\u00e8re !\" \/>\n<meta property=\"og:url\" content=\"https:\/\/www.adalia.ac.ma\/en\/exed\/organisations\/teams\/\" \/>\n<meta property=\"og:site_name\" content=\"ADALIA Institute\" \/>\n<meta property=\"article:publisher\" content=\"https:\/\/www.facebook.com\/adalia.business.school\/\" \/>\n<meta property=\"article:modified_time\" content=\"2017-12-19T18:32:33+00:00\" \/>\n<meta name=\"twitter:card\" content=\"summary_large_image\" \/>\n<meta name=\"twitter:label1\" content=\"Est. reading time\" \/>\n\t<meta name=\"twitter:data1\" content=\"8 minutes\" \/>\n<script type=\"application\/ld+json\" class=\"yoast-schema-graph\">{\"@context\":\"https:\\\/\\\/schema.org\",\"@graph\":[{\"@type\":\"WebPage\",\"@id\":\"https:\\\/\\\/www.adalia.ac.ma\\\/fr\\\/exed\\\/organisations\\\/teams\\\/\",\"url\":\"https:\\\/\\\/www.adalia.ac.ma\\\/fr\\\/exed\\\/organisations\\\/teams\\\/\",\"name\":\"Programmes Courts - ADALIA Institute\",\"isPartOf\":{\"@id\":\"https:\\\/\\\/www.adalia.ac.ma\\\/#website\"},\"datePublished\":\"2017-11-24T10:41:43+00:00\",\"dateModified\":\"2017-12-19T18:32:33+00:00\",\"description\":\"D\u00e9couvrez l'ADALIA Institute, une \u00e9cole d'enseignement sup\u00e9rieur situ\u00e9e \u00e0 Casablanca. Nous proposons des formations en Licence, Master et Doctorat dans des domaines vari\u00e9s. Notre objectif est de former des professionnels comp\u00e9tents et innovants, pr\u00eats \u00e0 relever les d\u00e9fis du monde professionnel. D\u00e9couvrez notre programme acad\u00e9mique et nos options de financement. Inscrivez-vous d\u00e8s maintenant pour donner un coup de pouce \u00e0 votre carri\u00e8re !\",\"breadcrumb\":{\"@id\":\"https:\\\/\\\/www.adalia.ac.ma\\\/fr\\\/exed\\\/organisations\\\/teams\\\/#breadcrumb\"},\"inLanguage\":\"en-US\",\"potentialAction\":[{\"@type\":\"ReadAction\",\"target\":[\"https:\\\/\\\/www.adalia.ac.ma\\\/fr\\\/exed\\\/organisations\\\/teams\\\/\"]}]},{\"@type\":\"BreadcrumbList\",\"@id\":\"https:\\\/\\\/www.adalia.ac.ma\\\/fr\\\/exed\\\/organisations\\\/teams\\\/#breadcrumb\",\"itemListElement\":[{\"@type\":\"ListItem\",\"position\":1,\"name\":\"Accueil\",\"item\":\"https:\\\/\\\/www.adalia.ac.ma\\\/\"},{\"@type\":\"ListItem\",\"position\":2,\"name\":\"Accueil\",\"item\":\"https:\\\/\\\/www.adalia.ac.ma\\\/fr\\\/\"},{\"@type\":\"ListItem\",\"position\":3,\"name\":\"Cadres et Entreprises\",\"item\":\"https:\\\/\\\/www.adalia.ac.ma\\\/fr\\\/exed\\\/\"},{\"@type\":\"ListItem\",\"position\":4,\"name\":\"Entreprises et Organisations\",\"item\":\"https:\\\/\\\/www.adalia.ac.ma\\\/fr\\\/exed\\\/organisations\\\/\"},{\"@type\":\"ListItem\",\"position\":5,\"name\":\"Programmes Courts\"}]},{\"@type\":\"WebSite\",\"@id\":\"https:\\\/\\\/www.adalia.ac.ma\\\/#website\",\"url\":\"https:\\\/\\\/www.adalia.ac.ma\\\/\",\"name\":\"ADALIA Institute |\u00a0School of Business and Management\",\"description\":\"Thinkers &amp; Doers\",\"publisher\":{\"@id\":\"https:\\\/\\\/www.adalia.ac.ma\\\/#organization\"},\"alternateName\":\"ADALIA Institute\",\"potentialAction\":[{\"@type\":\"SearchAction\",\"target\":{\"@type\":\"EntryPoint\",\"urlTemplate\":\"https:\\\/\\\/www.adalia.ac.ma\\\/?s={search_term_string}\"},\"query-input\":{\"@type\":\"PropertyValueSpecification\",\"valueRequired\":true,\"valueName\":\"search_term_string\"}}],\"inLanguage\":\"en-US\"},{\"@type\":\"Organization\",\"@id\":\"https:\\\/\\\/www.adalia.ac.ma\\\/#organization\",\"name\":\"ADALIA Institute | School of Business and Management\",\"alternateName\":\"ADALIA Institute\",\"url\":\"https:\\\/\\\/www.adalia.ac.ma\\\/\",\"logo\":{\"@type\":\"ImageObject\",\"inLanguage\":\"en-US\",\"@id\":\"https:\\\/\\\/www.adalia.ac.ma\\\/#\\\/schema\\\/logo\\\/image\\\/\",\"url\":\"https:\\\/\\\/www.adalia.ac.ma\\\/wp-content\\\/uploads\\\/2020\\\/08\\\/adalia-icon-r-75.png\",\"contentUrl\":\"https:\\\/\\\/www.adalia.ac.ma\\\/wp-content\\\/uploads\\\/2020\\\/08\\\/adalia-icon-r-75.png\",\"width\":75,\"height\":75,\"caption\":\"ADALIA Institute | School of Business and Management\"},\"image\":{\"@id\":\"https:\\\/\\\/www.adalia.ac.ma\\\/#\\\/schema\\\/logo\\\/image\\\/\"},\"sameAs\":[\"https:\\\/\\\/www.facebook.com\\\/adalia.business.school\\\/\",\"https:\\\/\\\/www.linkedin.com\\\/company\\\/adalia-school-of-business\\\/\",\"https:\\\/\\\/www.instagram.com\\\/adalia.institute\\\/\"]}]}<\/script>\n<!-- \/ Yoast SEO plugin. -->","yoast_head_json":{"title":"Programmes Courts - ADALIA Institute","description":"D\u00e9couvrez l'ADALIA Institute, une \u00e9cole d'enseignement sup\u00e9rieur situ\u00e9e \u00e0 Casablanca. Nous proposons des formations en Licence, Master et Doctorat dans des domaines vari\u00e9s. Notre objectif est de former des professionnels comp\u00e9tents et innovants, pr\u00eats \u00e0 relever les d\u00e9fis du monde professionnel. D\u00e9couvrez notre programme acad\u00e9mique et nos options de financement. Inscrivez-vous d\u00e8s maintenant pour donner un coup de pouce \u00e0 votre carri\u00e8re !","robots":{"index":"index","follow":"follow","max-snippet":"max-snippet:-1","max-image-preview":"max-image-preview:large","max-video-preview":"max-video-preview:-1"},"canonical":"https:\/\/www.adalia.ac.ma\/en\/exed\/organisations\/teams\/","og_locale":"en_US","og_type":"article","og_title":"Programmes Courts - ADALIA Institute","og_description":"D\u00e9couvrez l'ADALIA Institute, une \u00e9cole d'enseignement sup\u00e9rieur situ\u00e9e \u00e0 Casablanca. Nous proposons des formations en Licence, Master et Doctorat dans des domaines vari\u00e9s. Notre objectif est de former des professionnels comp\u00e9tents et innovants, pr\u00eats \u00e0 relever les d\u00e9fis du monde professionnel. D\u00e9couvrez notre programme acad\u00e9mique et nos options de financement. Inscrivez-vous d\u00e8s maintenant pour donner un coup de pouce \u00e0 votre carri\u00e8re !","og_url":"https:\/\/www.adalia.ac.ma\/en\/exed\/organisations\/teams\/","og_site_name":"ADALIA Institute","article_publisher":"https:\/\/www.facebook.com\/adalia.business.school\/","article_modified_time":"2017-12-19T18:32:33+00:00","twitter_card":"summary_large_image","twitter_misc":{"Est. reading time":"8 minutes"},"schema":{"@context":"https:\/\/schema.org","@graph":[{"@type":"WebPage","@id":"https:\/\/www.adalia.ac.ma\/fr\/exed\/organisations\/teams\/","url":"https:\/\/www.adalia.ac.ma\/fr\/exed\/organisations\/teams\/","name":"Programmes Courts - ADALIA Institute","isPartOf":{"@id":"https:\/\/www.adalia.ac.ma\/#website"},"datePublished":"2017-11-24T10:41:43+00:00","dateModified":"2017-12-19T18:32:33+00:00","description":"D\u00e9couvrez l'ADALIA Institute, une \u00e9cole d'enseignement sup\u00e9rieur situ\u00e9e \u00e0 Casablanca. Nous proposons des formations en Licence, Master et Doctorat dans des domaines vari\u00e9s. Notre objectif est de former des professionnels comp\u00e9tents et innovants, pr\u00eats \u00e0 relever les d\u00e9fis du monde professionnel. D\u00e9couvrez notre programme acad\u00e9mique et nos options de financement. Inscrivez-vous d\u00e8s maintenant pour donner un coup de pouce \u00e0 votre carri\u00e8re !","breadcrumb":{"@id":"https:\/\/www.adalia.ac.ma\/fr\/exed\/organisations\/teams\/#breadcrumb"},"inLanguage":"en-US","potentialAction":[{"@type":"ReadAction","target":["https:\/\/www.adalia.ac.ma\/fr\/exed\/organisations\/teams\/"]}]},{"@type":"BreadcrumbList","@id":"https:\/\/www.adalia.ac.ma\/fr\/exed\/organisations\/teams\/#breadcrumb","itemListElement":[{"@type":"ListItem","position":1,"name":"Accueil","item":"https:\/\/www.adalia.ac.ma\/"},{"@type":"ListItem","position":2,"name":"Accueil","item":"https:\/\/www.adalia.ac.ma\/fr\/"},{"@type":"ListItem","position":3,"name":"Cadres et Entreprises","item":"https:\/\/www.adalia.ac.ma\/fr\/exed\/"},{"@type":"ListItem","position":4,"name":"Entreprises et Organisations","item":"https:\/\/www.adalia.ac.ma\/fr\/exed\/organisations\/"},{"@type":"ListItem","position":5,"name":"Programmes Courts"}]},{"@type":"WebSite","@id":"https:\/\/www.adalia.ac.ma\/#website","url":"https:\/\/www.adalia.ac.ma\/","name":"ADALIA Institute |\u00a0School of Business and Management","description":"Thinkers &amp; Doers","publisher":{"@id":"https:\/\/www.adalia.ac.ma\/#organization"},"alternateName":"ADALIA Institute","potentialAction":[{"@type":"SearchAction","target":{"@type":"EntryPoint","urlTemplate":"https:\/\/www.adalia.ac.ma\/?s={search_term_string}"},"query-input":{"@type":"PropertyValueSpecification","valueRequired":true,"valueName":"search_term_string"}}],"inLanguage":"en-US"},{"@type":"Organization","@id":"https:\/\/www.adalia.ac.ma\/#organization","name":"ADALIA Institute | School of Business and Management","alternateName":"ADALIA Institute","url":"https:\/\/www.adalia.ac.ma\/","logo":{"@type":"ImageObject","inLanguage":"en-US","@id":"https:\/\/www.adalia.ac.ma\/#\/schema\/logo\/image\/","url":"https:\/\/www.adalia.ac.ma\/wp-content\/uploads\/2020\/08\/adalia-icon-r-75.png","contentUrl":"https:\/\/www.adalia.ac.ma\/wp-content\/uploads\/2020\/08\/adalia-icon-r-75.png","width":75,"height":75,"caption":"ADALIA Institute | School of Business and Management"},"image":{"@id":"https:\/\/www.adalia.ac.ma\/#\/schema\/logo\/image\/"},"sameAs":["https:\/\/www.facebook.com\/adalia.business.school\/","https:\/\/www.linkedin.com\/company\/adalia-school-of-business\/","https:\/\/www.instagram.com\/adalia.institute\/"]}]}},"_links":{"self":[{"href":"https:\/\/www.adalia.ac.ma\/en\/wp-json\/wp\/v2\/pages\/232","targetHints":{"allow":["GET"]}}],"collection":[{"href":"https:\/\/www.adalia.ac.ma\/en\/wp-json\/wp\/v2\/pages"}],"about":[{"href":"https:\/\/www.adalia.ac.ma\/en\/wp-json\/wp\/v2\/types\/page"}],"author":[{"embeddable":true,"href":"https:\/\/www.adalia.ac.ma\/en\/wp-json\/wp\/v2\/users\/1"}],"replies":[{"embeddable":true,"href":"https:\/\/www.adalia.ac.ma\/en\/wp-json\/wp\/v2\/comments?post=232"}],"version-history":[{"count":6,"href":"https:\/\/www.adalia.ac.ma\/en\/wp-json\/wp\/v2\/pages\/232\/revisions"}],"predecessor-version":[{"id":497,"href":"https:\/\/www.adalia.ac.ma\/en\/wp-json\/wp\/v2\/pages\/232\/revisions\/497"}],"up":[{"embeddable":true,"href":"https:\/\/www.adalia.ac.ma\/en\/wp-json\/wp\/v2\/pages\/223"}],"wp:attachment":[{"href":"https:\/\/www.adalia.ac.ma\/en\/wp-json\/wp\/v2\/media?parent=232"}],"curies":[{"name":"wp","href":"https:\/\/api.w.org\/{rel}","templated":true}]}}